{"id":3298,"date":"2021-01-15T16:01:51","date_gmt":"2021-01-15T15:01:51","guid":{"rendered":"https:\/\/museomoesano.ch\/deutsche\/?page_id=3298"},"modified":"2026-04-21T11:39:07","modified_gmt":"2026-04-21T09:39:07","slug":"il-museo-diffuso","status":"publish","type":"page","link":"https:\/\/museomoesano.ch\/deutsche\/il-museo-diffuso\/","title":{"rendered":"Il Museo Diffuso"},"content":{"rendered":"<p><div class=\"flex_column av_one_full  flex_column_div av-zero-column-padding first  avia-builder-el-0  el_before_av_one_half  avia-builder-el-first  \" style='border-radius:0px; '><div  style='padding-bottom:10px; ' class='av-special-heading av-special-heading-h1  blockquote modern-quote  avia-builder-el-1  avia-builder-el-no-sibling  '><h1 class='av-special-heading-tag '  itemprop=\"headline\"  >Aussenstellen<\/h1><div class ='av-subheading av-subheading_below  ' style='font-size:20px;'><p>Das Museum au\u00dferhalb seiner W\u00e4nde<\/p>\n<\/div><div class='special-heading-border'><div class='special-heading-inner-border' ><\/div><\/div><\/div><\/div><br \/>\n<div class=\"flex_column av_one_half  flex_column_div av-zero-column-padding first  avia-builder-el-2  el_after_av_one_full  el_before_av_one_half  column-top-margin\" style='border-radius:0px; '><p><div  style='height:10px' class='hr hr-invisible   avia-builder-el-3  el_before_av_gallery  avia-builder-el-first '><span class='hr-inner ' ><span class='hr-inner-style'><\/span><\/span><\/div><br \/>\n<div  class='avia-gallery  avia-gallery-1 avia_lazyload avia-gallery-animate avia_animate_when_visible  avia-builder-el-4  el_after_av_hr  avia-builder-el-last '  itemprop=\"image\" itemscope=\"itemscope\" itemtype=\"https:\/\/schema.org\/ImageObject\" ><a class='avia-gallery-big fakeLightbox lightbox avia-gallery-big-crop-thumb ' href='https:\/\/museomoesano.ch\/deutsche\/wp-content\/uploads\/2021\/04\/diligenza-12.jpg'  data-onclick='1' title='Die Postkutsche des Calancatals' ><span class='avia-gallery-big-inner'  itemprop=\"thumbnailUrl\" ><img class=\"wp-image-4258 avia-img-lazy-loading-not-4258\"  width=\"845\" height=\"682\" src=\"https:\/\/museomoesano.ch\/deutsche\/wp-content\/uploads\/2021\/04\/diligenza-12.jpg\" title='diligenza-12' alt='' srcset=\"https:\/\/museomoesano.ch\/deutsche\/wp-content\/uploads\/2021\/04\/diligenza-12.jpg 845w, https:\/\/museomoesano.ch\/deutsche\/wp-content\/uploads\/2021\/04\/diligenza-12-300x242.jpg 300w, https:\/\/museomoesano.ch\/deutsche\/wp-content\/uploads\/2021\/04\/diligenza-12-768x620.jpg 768w, https:\/\/museomoesano.ch\/deutsche\/wp-content\/uploads\/2021\/04\/diligenza-12-495x400.jpg 495w, https:\/\/museomoesano.ch\/deutsche\/wp-content\/uploads\/2021\/04\/diligenza-12-705x569.jpg 705w\" sizes=\"(max-width: 845px) 100vw, 845px\" \/>\t<span class='avia-gallery-caption'>Die Postkutsche des Calancatals<\/span><\/span><\/a><div class='avia-gallery-thumb'> <a href='https:\/\/museomoesano.ch\/deutsche\/wp-content\/uploads\/2021\/04\/diligenza-12.jpg' data-rel='gallery-1' data-prev-img='https:\/\/museomoesano.ch\/deutsche\/wp-content\/uploads\/2021\/04\/diligenza-12.jpg' class='first_thumb lightbox ' data-onclick='1' title='Die Postkutsche des Calancatals'  itemprop=\"thumbnailUrl\"  ><img class=\"wp-image-4258 avia-img-lazy-loading-not-4258\"  data-avia-tooltip='Die Postkutsche des Calancatals' src=\"https:\/\/museomoesano.ch\/deutsche\/wp-content\/uploads\/2021\/04\/diligenza-12-495x400.jpg\" width=\"495\" height=\"400\"  title='diligenza-12' alt='' srcset=\"https:\/\/museomoesano.ch\/deutsche\/wp-content\/uploads\/2021\/04\/diligenza-12-495x400.jpg 495w, https:\/\/museomoesano.ch\/deutsche\/wp-content\/uploads\/2021\/04\/diligenza-12-300x242.jpg 300w, https:\/\/museomoesano.ch\/deutsche\/wp-content\/uploads\/2021\/04\/diligenza-12-768x620.jpg 768w, https:\/\/museomoesano.ch\/deutsche\/wp-content\/uploads\/2021\/04\/diligenza-12-705x569.jpg 705w, https:\/\/museomoesano.ch\/deutsche\/wp-content\/uploads\/2021\/04\/diligenza-12.jpg 845w\" sizes=\"(max-width: 495px) 100vw, 495px\" \/><\/a> <a href='https:\/\/museomoesano.ch\/deutsche\/wp-content\/uploads\/2021\/04\/diligenza-13.jpg' data-rel='gallery-1' data-prev-img='https:\/\/museomoesano.ch\/deutsche\/wp-content\/uploads\/2021\/04\/diligenza-13.jpg' class='lightbox ' data-onclick='2' title='Die Postkutsche des Calancatals'  itemprop=\"thumbnailUrl\"  ><img class=\"wp-image-4257 avia-img-lazy-loading-not-4257\"  data-avia-tooltip='Die Postkutsche des Calancatals' src=\"https:\/\/museomoesano.ch\/deutsche\/wp-content\/uploads\/2021\/04\/diligenza-13-495x400.jpg\" width=\"495\" height=\"400\"  title='diligenza-13' alt='' srcset=\"https:\/\/museomoesano.ch\/deutsche\/wp-content\/uploads\/2021\/04\/diligenza-13-495x400.jpg 495w, https:\/\/museomoesano.ch\/deutsche\/wp-content\/uploads\/2021\/04\/diligenza-13-300x242.jpg 300w, https:\/\/museomoesano.ch\/deutsche\/wp-content\/uploads\/2021\/04\/diligenza-13-768x620.jpg 768w, https:\/\/museomoesano.ch\/deutsche\/wp-content\/uploads\/2021\/04\/diligenza-13-705x569.jpg 705w, https:\/\/museomoesano.ch\/deutsche\/wp-content\/uploads\/2021\/04\/diligenza-13.jpg 845w\" sizes=\"(max-width: 495px) 100vw, 495px\" \/><\/a> <a href='https:\/\/museomoesano.ch\/deutsche\/wp-content\/uploads\/2021\/04\/diligenza-8.jpg' data-rel='gallery-1' data-prev-img='https:\/\/museomoesano.ch\/deutsche\/wp-content\/uploads\/2021\/04\/diligenza-8.jpg' class='lightbox ' data-onclick='3' title='Die Postkutsche des Calancatals'  itemprop=\"thumbnailUrl\"  ><img class=\"wp-image-4254 avia-img-lazy-loading-not-4254\"  data-avia-tooltip='Die Postkutsche des Calancatals' src=\"https:\/\/museomoesano.ch\/deutsche\/wp-content\/uploads\/2021\/04\/diligenza-8-495x400.jpg\" width=\"495\" height=\"400\"  title='diligenza-8' alt='' srcset=\"https:\/\/museomoesano.ch\/deutsche\/wp-content\/uploads\/2021\/04\/diligenza-8-495x400.jpg 495w, https:\/\/museomoesano.ch\/deutsche\/wp-content\/uploads\/2021\/04\/diligenza-8-300x242.jpg 300w, https:\/\/museomoesano.ch\/deutsche\/wp-content\/uploads\/2021\/04\/diligenza-8-768x620.jpg 768w, https:\/\/museomoesano.ch\/deutsche\/wp-content\/uploads\/2021\/04\/diligenza-8-705x569.jpg 705w, https:\/\/museomoesano.ch\/deutsche\/wp-content\/uploads\/2021\/04\/diligenza-8.jpg 845w\" sizes=\"(max-width: 495px) 100vw, 495px\" \/><\/a> <a href='https:\/\/museomoesano.ch\/deutsche\/wp-content\/uploads\/2021\/04\/diligenza-11.jpg' data-rel='gallery-1' data-prev-img='https:\/\/museomoesano.ch\/deutsche\/wp-content\/uploads\/2021\/04\/diligenza-11.jpg' class='first_thumb lightbox ' data-onclick='4' title='Die Postkutsche des Calancatals'  itemprop=\"thumbnailUrl\"  ><img class=\"wp-image-4256 avia-img-lazy-loading-not-4256\"  data-avia-tooltip='Die Postkutsche des Calancatals' src=\"https:\/\/museomoesano.ch\/deutsche\/wp-content\/uploads\/2021\/04\/diligenza-11-495x400.jpg\" width=\"495\" height=\"400\"  title='diligenza-11' alt='' srcset=\"https:\/\/museomoesano.ch\/deutsche\/wp-content\/uploads\/2021\/04\/diligenza-11-495x400.jpg 495w, https:\/\/museomoesano.ch\/deutsche\/wp-content\/uploads\/2021\/04\/diligenza-11-300x242.jpg 300w, https:\/\/museomoesano.ch\/deutsche\/wp-content\/uploads\/2021\/04\/diligenza-11-768x620.jpg 768w, https:\/\/museomoesano.ch\/deutsche\/wp-content\/uploads\/2021\/04\/diligenza-11-705x569.jpg 705w, https:\/\/museomoesano.ch\/deutsche\/wp-content\/uploads\/2021\/04\/diligenza-11.jpg 845w\" sizes=\"(max-width: 495px) 100vw, 495px\" \/><\/a> <a href='https:\/\/museomoesano.ch\/deutsche\/wp-content\/uploads\/2021\/04\/diligenza-9.jpg' data-rel='gallery-1' data-prev-img='https:\/\/museomoesano.ch\/deutsche\/wp-content\/uploads\/2021\/04\/diligenza-9.jpg' class='lightbox ' data-onclick='5' title='Die Postkutsche des Calancatals'  itemprop=\"thumbnailUrl\"  ><img class=\"wp-image-4255 avia-img-lazy-loading-not-4255\"  data-avia-tooltip='Die Postkutsche des Calancatals' src=\"https:\/\/museomoesano.ch\/deutsche\/wp-content\/uploads\/2021\/04\/diligenza-9-495x400.jpg\" width=\"495\" height=\"400\"  title='diligenza-9' alt='' srcset=\"https:\/\/museomoesano.ch\/deutsche\/wp-content\/uploads\/2021\/04\/diligenza-9-495x400.jpg 495w, https:\/\/museomoesano.ch\/deutsche\/wp-content\/uploads\/2021\/04\/diligenza-9-300x242.jpg 300w, https:\/\/museomoesano.ch\/deutsche\/wp-content\/uploads\/2021\/04\/diligenza-9-768x620.jpg 768w, https:\/\/museomoesano.ch\/deutsche\/wp-content\/uploads\/2021\/04\/diligenza-9-705x569.jpg 705w, https:\/\/museomoesano.ch\/deutsche\/wp-content\/uploads\/2021\/04\/diligenza-9.jpg 845w\" sizes=\"(max-width: 495px) 100vw, 495px\" \/><\/a> <a href='https:\/\/museomoesano.ch\/deutsche\/wp-content\/uploads\/2021\/04\/diligenza-7.jpg' data-rel='gallery-1' data-prev-img='https:\/\/museomoesano.ch\/deutsche\/wp-content\/uploads\/2021\/04\/diligenza-7.jpg' class='lightbox ' data-onclick='6' title='Die Postkutsche des Calancatals'  itemprop=\"thumbnailUrl\"  ><img class=\"wp-image-4259 avia-img-lazy-loading-not-4259\"  data-avia-tooltip='Die Postkutsche des Calancatals' src=\"https:\/\/museomoesano.ch\/deutsche\/wp-content\/uploads\/2021\/04\/diligenza-7-495x400.jpg\" width=\"495\" height=\"400\"  title='diligenza-7' alt='' srcset=\"https:\/\/museomoesano.ch\/deutsche\/wp-content\/uploads\/2021\/04\/diligenza-7-495x400.jpg 495w, https:\/\/museomoesano.ch\/deutsche\/wp-content\/uploads\/2021\/04\/diligenza-7-300x242.jpg 300w, https:\/\/museomoesano.ch\/deutsche\/wp-content\/uploads\/2021\/04\/diligenza-7-768x620.jpg 768w, https:\/\/museomoesano.ch\/deutsche\/wp-content\/uploads\/2021\/04\/diligenza-7-705x569.jpg 705w, https:\/\/museomoesano.ch\/deutsche\/wp-content\/uploads\/2021\/04\/diligenza-7.jpg 845w\" sizes=\"(max-width: 495px) 100vw, 495px\" \/><\/a><\/div><\/div><\/p><\/div><br \/>\n<div class=\"flex_column av_one_half  flex_column_div av-zero-column-padding   avia-builder-el-5  el_after_av_one_half  el_before_av_one_half  column-top-margin\" style='border-radius:0px; '><section class=\"av_textblock_section \"  itemscope=\"itemscope\" itemtype=\"https:\/\/schema.org\/CreativeWork\" ><div class='avia_textblock  '   itemprop=\"text\" ><div>\n<h3><b>Die Postkutsche des Calancatals<\/b><\/h3>\n<p>Die alte Postkutsche aus dem Calancatal war von 1912 bis 1918 zwischen Grono und Arvigo im Dienst. Sie wurde vom Museo Moesano 1956 erworben. Dieser geschlossene Wagen, von zwei Pferden gezogen, bot im Innern Platz f\u00fcr vier Personen; ein weiterer Passagier konnte auf dem Bock neben dem Postillion mitreisen; hinzu kamen das Reisegep\u00e4ck der Passagiere und die Postsendungen (Pakete, Briefe, Geldsendungen). Nach einer fachgerechten und originalgetreuen Restauration durch die polnische Kutschenbauwerkst\u00e4tte Marek Doruch in Niemzca ist das Fahrzeug wieder verkehrstauglich und kann f\u00fcr besondere Anl\u00e4sse eingesetzt werden. Der eigens daf\u00fcr erstellte Schauraum in Grono, am Eingang zum Calancatal, erlaubt es, ein wertvolles Objekt ausserhalb der Museumsmauern in seinem historischen Kontext zu zeigen.<\/p>\n<p><strong>Die restaurierte Postkutsche steht Ihnen zur Verf\u00fcgung<br \/>\n<\/strong>Die restaurierte und fahrbereite Postkutsche kann f\u00fcr \u00f6ffentliche oder private Anl\u00e4sse (Hochzeiten, Jubil\u00e4en etc.) gemietet werden. Das historische Fahrzeug kann h\u00f6chstens vier Personen transportieren. Interessenten wenden sich an Herrn Christian Mettler, Sorte 148 E, 6558 Lostallo, Tel. +41 91 830 15 57; Mobile +41 79 221 63 64; <a href=\"mailto:mettler.maniscalco@bluewin.ch\">mettler.maniscalco@bluewin.ch<\/a>. Oder kontaktieren Sie einfach das Museo Moesano (<a href=\"mailto:museomoesano@bluewin.ch\">museomoesano@bluewin.ch<\/a>; Tel. 091 827 16 66, Mi, Fr, So 14-17 Uhr).<\/p>\n<p>Inklusivpreise (Pferde und Kutscher) mit Abfahrt von Grono:<\/p>\n<ul>\n<li>Pauschalbetrag f\u00fcr die Nutzung des Fahrzeugs CHF 200<\/li>\n<li>Erste Stunde CH 160<\/li>\n<li>Jede zus\u00e4tzliche Stunde CHF 100<\/li>\n<\/ul>\n<\/div>\n<div>\n<div><\/div>\n<\/div>\n<div><\/div>\n<div>\n<p class=\"Paragrafobase\"><span lang=\"IT\">Sehen Sie unsere Postkutsche in Bewegung:<br \/>\n<a href=\"https:\/\/museomoesano.ch\/wp-content\/uploads\/2022\/07\/WhatsApp-Video-2022-07-13-at-14.28.49.mp4\">Video 1<\/a><br \/>\n<a href=\"https:\/\/museomoesano.ch\/wp-content\/uploads\/2022\/07\/WhatsApp-Video-2022-07-13-at-14.29.04.mp4\">Video 2<\/a>\u00a0<\/span><\/p>\n<\/div>\n<\/div><\/section><\/div><div class=\"flex_column av_one_half  flex_column_div av-zero-column-padding first  avia-builder-el-7  el_after_av_one_half  el_before_av_one_half  column-top-margin\" style='border-radius:0px; '><p><div  style='height:10px' class='hr hr-invisible   avia-builder-el-8  el_before_av_gallery  avia-builder-el-first '><span class='hr-inner ' ><span class='hr-inner-style'><\/span><\/span><\/div><br \/>\n<div  class='avia-gallery  avia-gallery-2 avia_lazyload avia-gallery-animate avia_animate_when_visible  avia-builder-el-9  el_after_av_hr  avia-builder-el-last '  itemprop=\"image\" itemscope=\"itemscope\" itemtype=\"https:\/\/schema.org\/ImageObject\" ><a class='avia-gallery-big fakeLightbox lightbox avia-gallery-big-crop-thumb ' href='https:\/\/museomoesano.ch\/deutsche\/wp-content\/uploads\/2021\/04\/gra-16.jpg'  data-onclick='1' title='Gra' ><span class='avia-gallery-big-inner'  itemprop=\"thumbnailUrl\" ><img class=\"wp-image-4268 avia-img-lazy-loading-not-4268\"  width=\"845\" height=\"682\" src=\"https:\/\/museomoesano.ch\/deutsche\/wp-content\/uploads\/2021\/04\/gra-16.jpg\" title='gra-16' alt='' srcset=\"https:\/\/museomoesano.ch\/deutsche\/wp-content\/uploads\/2021\/04\/gra-16.jpg 845w, https:\/\/museomoesano.ch\/deutsche\/wp-content\/uploads\/2021\/04\/gra-16-300x242.jpg 300w, https:\/\/museomoesano.ch\/deutsche\/wp-content\/uploads\/2021\/04\/gra-16-768x620.jpg 768w, https:\/\/museomoesano.ch\/deutsche\/wp-content\/uploads\/2021\/04\/gra-16-495x400.jpg 495w, https:\/\/museomoesano.ch\/deutsche\/wp-content\/uploads\/2021\/04\/gra-16-705x569.jpg 705w\" sizes=\"(max-width: 845px) 100vw, 845px\" \/>\t<span class='avia-gallery-caption'>Gra<\/span><\/span><\/a><div class='avia-gallery-thumb'> <a href='https:\/\/museomoesano.ch\/deutsche\/wp-content\/uploads\/2021\/04\/gra-16.jpg' data-rel='gallery-2' data-prev-img='https:\/\/museomoesano.ch\/deutsche\/wp-content\/uploads\/2021\/04\/gra-16.jpg' class='first_thumb lightbox ' data-onclick='1' title='Gra'  itemprop=\"thumbnailUrl\"  ><img class=\"wp-image-4268 avia-img-lazy-loading-not-4268\"  data-avia-tooltip='Gra' src=\"https:\/\/museomoesano.ch\/deutsche\/wp-content\/uploads\/2021\/04\/gra-16-495x400.jpg\" width=\"495\" height=\"400\"  title='gra-16' alt='' srcset=\"https:\/\/museomoesano.ch\/deutsche\/wp-content\/uploads\/2021\/04\/gra-16-495x400.jpg 495w, https:\/\/museomoesano.ch\/deutsche\/wp-content\/uploads\/2021\/04\/gra-16-300x242.jpg 300w, https:\/\/museomoesano.ch\/deutsche\/wp-content\/uploads\/2021\/04\/gra-16-768x620.jpg 768w, https:\/\/museomoesano.ch\/deutsche\/wp-content\/uploads\/2021\/04\/gra-16-705x569.jpg 705w, https:\/\/museomoesano.ch\/deutsche\/wp-content\/uploads\/2021\/04\/gra-16.jpg 845w\" sizes=\"(max-width: 495px) 100vw, 495px\" \/><\/a> <a href='https:\/\/museomoesano.ch\/deutsche\/wp-content\/uploads\/2021\/04\/gra-10.jpg' data-rel='gallery-2' data-prev-img='https:\/\/museomoesano.ch\/deutsche\/wp-content\/uploads\/2021\/04\/gra-10.jpg' class='lightbox ' data-onclick='2' title='Gra'  itemprop=\"thumbnailUrl\"  ><img class=\"wp-image-4262 avia-img-lazy-loading-not-4262\"  data-avia-tooltip='Gra' src=\"https:\/\/museomoesano.ch\/deutsche\/wp-content\/uploads\/2021\/04\/gra-10-495x400.jpg\" width=\"495\" height=\"400\"  title='gra-10' alt='' srcset=\"https:\/\/museomoesano.ch\/deutsche\/wp-content\/uploads\/2021\/04\/gra-10-495x400.jpg 495w, https:\/\/museomoesano.ch\/deutsche\/wp-content\/uploads\/2021\/04\/gra-10-300x242.jpg 300w, https:\/\/museomoesano.ch\/deutsche\/wp-content\/uploads\/2021\/04\/gra-10-768x620.jpg 768w, https:\/\/museomoesano.ch\/deutsche\/wp-content\/uploads\/2021\/04\/gra-10-705x569.jpg 705w, https:\/\/museomoesano.ch\/deutsche\/wp-content\/uploads\/2021\/04\/gra-10.jpg 845w\" sizes=\"(max-width: 495px) 100vw, 495px\" \/><\/a> <a href='https:\/\/museomoesano.ch\/deutsche\/wp-content\/uploads\/2021\/04\/gra-11.jpg' data-rel='gallery-2' data-prev-img='https:\/\/museomoesano.ch\/deutsche\/wp-content\/uploads\/2021\/04\/gra-11.jpg' class='lightbox ' data-onclick='3' title='Gra'  itemprop=\"thumbnailUrl\"  ><img class=\"wp-image-4263 avia-img-lazy-loading-not-4263\"  data-avia-tooltip='Gra' src=\"https:\/\/museomoesano.ch\/deutsche\/wp-content\/uploads\/2021\/04\/gra-11-495x400.jpg\" width=\"495\" height=\"400\"  title='gra-11' alt='' srcset=\"https:\/\/museomoesano.ch\/deutsche\/wp-content\/uploads\/2021\/04\/gra-11-495x400.jpg 495w, https:\/\/museomoesano.ch\/deutsche\/wp-content\/uploads\/2021\/04\/gra-11-300x242.jpg 300w, https:\/\/museomoesano.ch\/deutsche\/wp-content\/uploads\/2021\/04\/gra-11-768x620.jpg 768w, https:\/\/museomoesano.ch\/deutsche\/wp-content\/uploads\/2021\/04\/gra-11-705x569.jpg 705w, https:\/\/museomoesano.ch\/deutsche\/wp-content\/uploads\/2021\/04\/gra-11.jpg 845w\" sizes=\"(max-width: 495px) 100vw, 495px\" \/><\/a> <a href='https:\/\/museomoesano.ch\/deutsche\/wp-content\/uploads\/2021\/04\/gra-14.jpg' data-rel='gallery-2' data-prev-img='https:\/\/museomoesano.ch\/deutsche\/wp-content\/uploads\/2021\/04\/gra-14.jpg' class='first_thumb lightbox ' data-onclick='4' title='Gra'  itemprop=\"thumbnailUrl\"  ><img class=\"wp-image-4266 avia-img-lazy-loading-not-4266\"  data-avia-tooltip='Gra' src=\"https:\/\/museomoesano.ch\/deutsche\/wp-content\/uploads\/2021\/04\/gra-14-495x400.jpg\" width=\"495\" height=\"400\"  title='gra-14' alt='' srcset=\"https:\/\/museomoesano.ch\/deutsche\/wp-content\/uploads\/2021\/04\/gra-14-495x400.jpg 495w, https:\/\/museomoesano.ch\/deutsche\/wp-content\/uploads\/2021\/04\/gra-14-300x242.jpg 300w, https:\/\/museomoesano.ch\/deutsche\/wp-content\/uploads\/2021\/04\/gra-14-768x620.jpg 768w, https:\/\/museomoesano.ch\/deutsche\/wp-content\/uploads\/2021\/04\/gra-14-705x569.jpg 705w, https:\/\/museomoesano.ch\/deutsche\/wp-content\/uploads\/2021\/04\/gra-14.jpg 845w\" sizes=\"(max-width: 495px) 100vw, 495px\" \/><\/a> <a href='https:\/\/museomoesano.ch\/deutsche\/wp-content\/uploads\/2021\/04\/gra-13.jpg' data-rel='gallery-2' data-prev-img='https:\/\/museomoesano.ch\/deutsche\/wp-content\/uploads\/2021\/04\/gra-13.jpg' class='lightbox ' data-onclick='5' title='Gra'  itemprop=\"thumbnailUrl\"  ><img class=\"wp-image-4265 avia-img-lazy-loading-not-4265\"  data-avia-tooltip='Gra' src=\"https:\/\/museomoesano.ch\/deutsche\/wp-content\/uploads\/2021\/04\/gra-13-495x400.jpg\" width=\"495\" height=\"400\"  title='gra-13' alt='' srcset=\"https:\/\/museomoesano.ch\/deutsche\/wp-content\/uploads\/2021\/04\/gra-13-495x400.jpg 495w, https:\/\/museomoesano.ch\/deutsche\/wp-content\/uploads\/2021\/04\/gra-13-300x242.jpg 300w, https:\/\/museomoesano.ch\/deutsche\/wp-content\/uploads\/2021\/04\/gra-13-768x620.jpg 768w, https:\/\/museomoesano.ch\/deutsche\/wp-content\/uploads\/2021\/04\/gra-13-705x569.jpg 705w, https:\/\/museomoesano.ch\/deutsche\/wp-content\/uploads\/2021\/04\/gra-13.jpg 845w\" sizes=\"(max-width: 495px) 100vw, 495px\" \/><\/a> <a href='https:\/\/museomoesano.ch\/deutsche\/wp-content\/uploads\/2021\/04\/gra-15.jpg' data-rel='gallery-2' data-prev-img='https:\/\/museomoesano.ch\/deutsche\/wp-content\/uploads\/2021\/04\/gra-15.jpg' class='lightbox ' data-onclick='6' title='Gra'  itemprop=\"thumbnailUrl\"  ><img class=\"wp-image-4267 avia-img-lazy-loading-not-4267\"  data-avia-tooltip='Gra' src=\"https:\/\/museomoesano.ch\/deutsche\/wp-content\/uploads\/2021\/04\/gra-15-495x400.jpg\" width=\"495\" height=\"400\"  title='gra-15' alt='' srcset=\"https:\/\/museomoesano.ch\/deutsche\/wp-content\/uploads\/2021\/04\/gra-15-495x400.jpg 495w, https:\/\/museomoesano.ch\/deutsche\/wp-content\/uploads\/2021\/04\/gra-15-300x242.jpg 300w, https:\/\/museomoesano.ch\/deutsche\/wp-content\/uploads\/2021\/04\/gra-15-768x620.jpg 768w, https:\/\/museomoesano.ch\/deutsche\/wp-content\/uploads\/2021\/04\/gra-15-705x569.jpg 705w, https:\/\/museomoesano.ch\/deutsche\/wp-content\/uploads\/2021\/04\/gra-15.jpg 845w\" sizes=\"(max-width: 495px) 100vw, 495px\" \/><\/a><\/div><\/div><\/p><\/div><br \/>\n<div class=\"flex_column av_one_half  flex_column_div av-zero-column-padding   avia-builder-el-10  el_after_av_one_half  el_before_av_one_half  column-top-margin\" style='border-radius:0px; '><section class=\"av_textblock_section \"  itemscope=\"itemscope\" itemtype=\"https:\/\/schema.org\/CreativeWork\" ><div class='avia_textblock  '   itemprop=\"text\" ><h3><strong>Die \u00abGra\u00bb (Trockenhaus)<\/strong><\/h3>\n<p>Eingebettet in einem &#8211; dank dem Amt f\u00fcr Wald und Naturgefahren des Kantons Graub\u00fcnden wiederhergestellten &#8211; Kastanienwald steht oberhalb von Monticello (San Vittore), die Gra (Geb\u00e4ude zum Trocknen von Kastanien) von Dro Alt. Die Restaurierungsarbeiten konnten 2016 abgeschlossen werden. Dank der Unterst\u00fctzung einer Reihe von Sponsoren und eines Teams von Freiwilligen ist die Gra nun ein Aussenbereich des Museums, der sich der Vermittlung der traditionellen Kastanienkultivation widmet.<\/p>\n<p>Das Trockenhaus (Gra) ist ein Geb\u00e4ude mit zwei Geschossen, welches dem Trocknen von Kastanien dient. Im unteren Geschoss wird ein Feuer entfacht, das man w\u00e4hrend einiger Wochen langsam brennen l\u00e4sst. Im oberen Geschoss ist ein Rost installiert, auf dem eine Lage Kastanien verteilt wird. Diese werden mehrere Male gewendet, um eine gleichm\u00e4ssige Austrocknung zu gew\u00e4hrleisten. Nach abgeschlossener Trocknung werden die Kastanien in einem Stoffsack kr\u00e4ftig geschlagen, bis sich die Schalen abl\u00f6sen. Die letzte Sch\u00e4lung wird von Hand durchgef\u00fchrt.<\/p>\n<p>Ein Besuch der Gra ist nach Voranmeldung m\u00f6glich.<\/p>\n<p><a href=\"https:\/\/museomoesano.ch\/wp-content\/uploads\/2024\/10\/Gra-Monticello.pdf\" target=\"_blank\" rel=\"noopener\">Artikel in der Zeitschrift \u201cIl Castagno\u201d<\/a><\/p>\n<div><\/div>\n<\/div><\/section><\/div><div class=\"flex_column av_one_half  flex_column_div av-zero-column-padding first  avia-builder-el-12  el_after_av_one_half  el_before_av_one_half  column-top-margin\" style='border-radius:0px; '><p><div  style='height:10px' class='hr hr-invisible   avia-builder-el-13  el_before_av_gallery  avia-builder-el-first '><span class='hr-inner ' ><span class='hr-inner-style'><\/span><\/span><\/div><br \/>\n<div  class='avia-gallery  avia-gallery-3 avia_lazyload avia-gallery-animate avia_animate_when_visible  avia-builder-el-14  el_after_av_hr  avia-builder-el-last '  itemprop=\"image\" itemscope=\"itemscope\" itemtype=\"https:\/\/schema.org\/ImageObject\" ><a class='avia-gallery-big fakeLightbox lightbox avia-gallery-big-crop-thumb ' href='https:\/\/museomoesano.ch\/deutsche\/wp-content\/uploads\/2026\/04\/202403_das_fotoTorchio_Rigassi1997-1-669x1024-1.jpg'  data-onclick='1' title='Die Torchio von Valdort' ><span class='avia-gallery-big-inner'  itemprop=\"thumbnailUrl\" ><img class=\"wp-image-4416 avia-img-lazy-loading-not-4416\"  width=\"669\" height=\"684\" src=\"https:\/\/museomoesano.ch\/deutsche\/wp-content\/uploads\/2026\/04\/202403_das_fotoTorchio_Rigassi1997-1-669x1024-1-669x684.jpg\" title='202403_das_fotoTorchio_Rigassi1997-1-669x1024' alt='' srcset=\"https:\/\/museomoesano.ch\/deutsche\/wp-content\/uploads\/2026\/04\/202403_das_fotoTorchio_Rigassi1997-1-669x1024-1-669x684.jpg 669w, https:\/\/museomoesano.ch\/deutsche\/wp-content\/uploads\/2026\/04\/202403_das_fotoTorchio_Rigassi1997-1-669x1024-1-36x36.jpg 36w\" sizes=\"(max-width: 669px) 100vw, 669px\" \/>\t<span class='avia-gallery-caption'>Die Torchio von Valdort<\/span><\/span><\/a><div class='avia-gallery-thumb'> <a href='https:\/\/museomoesano.ch\/deutsche\/wp-content\/uploads\/2026\/04\/202403_das_fotoTorchio_Rigassi1997-1-669x1024-1.jpg' data-rel='gallery-3' data-prev-img='https:\/\/museomoesano.ch\/deutsche\/wp-content\/uploads\/2026\/04\/202403_das_fotoTorchio_Rigassi1997-1-669x1024-1-669x684.jpg' class='first_thumb lightbox ' data-onclick='1' title='Die Torchio von Valdort'  itemprop=\"thumbnailUrl\"  ><img class=\"wp-image-4416 avia-img-lazy-loading-not-4416\"  data-avia-tooltip='Die Torchio von Valdort' src=\"https:\/\/museomoesano.ch\/deutsche\/wp-content\/uploads\/2026\/04\/202403_das_fotoTorchio_Rigassi1997-1-669x1024-1-495x400.jpg\" width=\"495\" height=\"400\"  title='202403_das_fotoTorchio_Rigassi1997-1-669x1024' alt='' \/><\/a> <a href='https:\/\/museomoesano.ch\/deutsche\/wp-content\/uploads\/2026\/04\/202403_das_fotoTorchio_Rigassi1997-2-1024x681-1.jpg' data-rel='gallery-3' data-prev-img='https:\/\/museomoesano.ch\/deutsche\/wp-content\/uploads\/2026\/04\/202403_das_fotoTorchio_Rigassi1997-2-1024x681-1-845x681.jpg' class='lightbox ' data-onclick='2' title='Die Torchio von Valdort'  itemprop=\"thumbnailUrl\"  ><img class=\"wp-image-4417 avia-img-lazy-loading-not-4417\"  data-avia-tooltip='Die Torchio von Valdort' src=\"https:\/\/museomoesano.ch\/deutsche\/wp-content\/uploads\/2026\/04\/202403_das_fotoTorchio_Rigassi1997-2-1024x681-1-495x400.jpg\" width=\"495\" height=\"400\"  title='202403_das_fotoTorchio_Rigassi1997-2-1024x681' alt='' srcset=\"https:\/\/museomoesano.ch\/deutsche\/wp-content\/uploads\/2026\/04\/202403_das_fotoTorchio_Rigassi1997-2-1024x681-1-495x400.jpg 495w, https:\/\/museomoesano.ch\/deutsche\/wp-content\/uploads\/2026\/04\/202403_das_fotoTorchio_Rigassi1997-2-1024x681-1-845x681.jpg 845w\" sizes=\"(max-width: 495px) 100vw, 495px\" \/><\/a> <a href='https:\/\/museomoesano.ch\/deutsche\/wp-content\/uploads\/2026\/04\/202403_das_fotoTorchio_Rigassi1997-3-1024x680-1.jpg' data-rel='gallery-3' data-prev-img='https:\/\/museomoesano.ch\/deutsche\/wp-content\/uploads\/2026\/04\/202403_das_fotoTorchio_Rigassi1997-3-1024x680-1-845x680.jpg' class='lightbox ' data-onclick='3' title='Die Torchio von Valdort'  itemprop=\"thumbnailUrl\"  ><img class=\"wp-image-4418 avia-img-lazy-loading-not-4418\"  data-avia-tooltip='Die Torchio von Valdort' src=\"https:\/\/museomoesano.ch\/deutsche\/wp-content\/uploads\/2026\/04\/202403_das_fotoTorchio_Rigassi1997-3-1024x680-1-495x400.jpg\" width=\"495\" height=\"400\"  title='202403_das_fotoTorchio_Rigassi1997-3-1024x680' alt='' \/><\/a> <a href='https:\/\/museomoesano.ch\/deutsche\/wp-content\/uploads\/2026\/04\/202403_das_fotoTorchio_Rigassi1997-4-667x1024-1.jpg' data-rel='gallery-3' data-prev-img='https:\/\/museomoesano.ch\/deutsche\/wp-content\/uploads\/2026\/04\/202403_das_fotoTorchio_Rigassi1997-4-667x1024-1-667x684.jpg' class='first_thumb lightbox ' data-onclick='4' title='Die Torchio von Valdort'  itemprop=\"thumbnailUrl\"  ><img class=\"wp-image-4419 avia-img-lazy-loading-not-4419\"  data-avia-tooltip='Die Torchio von Valdort' src=\"https:\/\/museomoesano.ch\/deutsche\/wp-content\/uploads\/2026\/04\/202403_das_fotoTorchio_Rigassi1997-4-667x1024-1-495x400.jpg\" width=\"495\" height=\"400\"  title='202403_das_fotoTorchio_Rigassi1997-4-667x1024' alt='' \/><\/a> <a href='https:\/\/museomoesano.ch\/deutsche\/wp-content\/uploads\/2026\/04\/202403_das_fotoTorchio_Rigassi1997-5-686x1024-1.jpg' data-rel='gallery-3' data-prev-img='https:\/\/museomoesano.ch\/deutsche\/wp-content\/uploads\/2026\/04\/202403_das_fotoTorchio_Rigassi1997-5-686x1024-1-686x684.jpg' class='lightbox ' data-onclick='5' title='Die Torchio von Valdort'  itemprop=\"thumbnailUrl\"  ><img class=\"wp-image-4420 avia-img-lazy-loading-not-4420\"  data-avia-tooltip='Die Torchio von Valdort' src=\"https:\/\/museomoesano.ch\/deutsche\/wp-content\/uploads\/2026\/04\/202403_das_fotoTorchio_Rigassi1997-5-686x1024-1-495x400.jpg\" width=\"495\" height=\"400\"  title='202403_das_fotoTorchio_Rigassi1997-5-686x1024' alt='' \/><\/a> <a href='https:\/\/museomoesano.ch\/deutsche\/wp-content\/uploads\/2026\/04\/P7290404-1024x768.jpg' data-rel='gallery-3' data-prev-img='https:\/\/museomoesano.ch\/deutsche\/wp-content\/uploads\/2026\/04\/P7290404-845x684.jpg' class='lightbox ' data-onclick='6' title='Die Torchio von Valdort'  itemprop=\"thumbnailUrl\"  ><img class=\"wp-image-4421 avia-img-lazy-loading-not-4421\"  data-avia-tooltip='Die Torchio von Valdort' src=\"https:\/\/museomoesano.ch\/deutsche\/wp-content\/uploads\/2026\/04\/P7290404-495x400.jpg\" width=\"495\" height=\"400\"  title='OLYMPUS DIGITAL CAMERA' alt='' srcset=\"https:\/\/museomoesano.ch\/deutsche\/wp-content\/uploads\/2026\/04\/P7290404-495x400.jpg 495w, https:\/\/museomoesano.ch\/deutsche\/wp-content\/uploads\/2026\/04\/P7290404-845x684.jpg 845w\" sizes=\"(max-width: 495px) 100vw, 495px\" \/><\/a> <a href='https:\/\/museomoesano.ch\/deutsche\/wp-content\/uploads\/2026\/04\/P7290419-768x1024.jpg' data-rel='gallery-3' data-prev-img='https:\/\/museomoesano.ch\/deutsche\/wp-content\/uploads\/2026\/04\/P7290419-845x684.jpg' class='first_thumb lightbox ' data-onclick='7' title='Die Torchio von Valdort'  itemprop=\"thumbnailUrl\"  ><img class=\"wp-image-4422 avia-img-lazy-loading-not-4422\"  data-avia-tooltip='Die Torchio von Valdort' src=\"https:\/\/museomoesano.ch\/deutsche\/wp-content\/uploads\/2026\/04\/P7290419-495x400.jpg\" width=\"495\" height=\"400\"  title='OLYMPUS DIGITAL CAMERA' alt='' srcset=\"https:\/\/museomoesano.ch\/deutsche\/wp-content\/uploads\/2026\/04\/P7290419-495x400.jpg 495w, https:\/\/museomoesano.ch\/deutsche\/wp-content\/uploads\/2026\/04\/P7290419-845x684.jpg 845w\" sizes=\"(max-width: 495px) 100vw, 495px\" \/><\/a><\/div><\/div><\/p><\/div><div class=\"flex_column av_one_half  flex_column_div av-zero-column-padding   avia-builder-el-15  el_after_av_one_half  avia-builder-el-last  column-top-margin\" style='border-radius:0px; '><section class=\"av_textblock_section \"  itemscope=\"itemscope\" itemtype=\"https:\/\/schema.org\/CreativeWork\" ><div class='avia_textblock  '   itemprop=\"text\" ><h3>Die Torchio von Valdort<\/h3>\n<p>Es handelt sich um die einzige noch funktionierende Hebelkelter piemontesischer Bauart im gesamten Moesano, die sich noch in ihrem urspr\u00fcnglichen Kontext befindet. Sie wird dank des Engagements der Familie Salvini, der sie seit Generationen geh\u00f6rt, in Betrieb gehalten.<\/p>\n<p>Erste Versuche einer dendrochronologischen Datierung lassen den Bau der Kelter in die zweite H\u00e4lfte des 16. Jahrhunderts fallen (die darunterliegende Kapelle ist auf das Jahr 1696 datiert). Die \u00e4ltesten schriftlichen Zeugnisse \u00fcber das Bauwerk stammen aus dem Anfang des letzten Jahrhunderts und belegen die gemeinschaftliche Nutzung dieses Privatbesitzes. Sie blieb bis 1981 regelm\u00e4ssig in Betrieb, bis ein Erdrutsch ihren Betrieb stark beeintr\u00e4chtigte. Ende der 1990er Jahre wurde ein Restaurierungsprojekt durchgef\u00fchrt, wodurch die Kelter wieder funktionsf\u00e4hig wurde, zumindest f\u00fcr didaktische Zwecke.<\/p>\n<p>Im Rahmen einer Bachelorarbeit am Institut f\u00fcr Geomatik der Fachhochschule Nordwestschweiz (FHNW) in Muttenz wurde 2024 ein digitales 3D-Modell des Bauwerks erstellt, das es erm\u00f6glicht, dessen strukturelle Aspekte zu visualisieren und dank einer Animation dessen Funktionsweise besser zu verstehen.<\/p>\n<p>Im Jahr 2025 hat das Museo Moesano auf Einladung der Familie Salvini die Weinpresse von Valdort in sein dezentrales Museumsnetzwerk aufgenommen, um sie der \u00d6ffentlichkeit zug\u00e4nglich zu machen.<\/p>\n<p>Eine Besichtigung der Kelterei ist nach Vereinbarung m\u00f6glich.<\/p>\n<p><a href=\"https:\/\/sketchfab.com\/3d-models\/torchio-di-verdabbio-88b766d5e24047b09d48f3a322cd1d6e\">https:\/\/sketchfab.com\/3d-models\/torchio-di-verdabbio-88b766d5e24047b09d48f3a322cd1d6e<\/a><\/p>\n<div><\/div>\n<\/div><\/section><\/div><\/p>\n","protected":false},"excerpt":{"rendered":"","protected":false},"author":1,"featured_media":0,"parent":0,"menu_order":0,"comment_status":"closed","ping_status":"closed","template":"","meta":[],"_links":{"self":[{"href":"https:\/\/museomoesano.ch\/deutsche\/wp-json\/wp\/v2\/pages\/3298"}],"collection":[{"href":"https:\/\/museomoesano.ch\/deutsche\/wp-json\/wp\/v2\/pages"}],"about":[{"href":"https:\/\/museomoesano.ch\/deutsche\/wp-json\/wp\/v2\/types\/page"}],"author":[{"embeddable":true,"href":"https:\/\/museomoesano.ch\/deutsche\/wp-json\/wp\/v2\/users\/1"}],"replies":[{"embeddable":true,"href":"https:\/\/museomoesano.ch\/deutsche\/wp-json\/wp\/v2\/comments?post=3298"}],"version-history":[{"count":24,"href":"https:\/\/museomoesano.ch\/deutsche\/wp-json\/wp\/v2\/pages\/3298\/revisions"}],"predecessor-version":[{"id":4427,"href":"https:\/\/museomoesano.ch\/deutsche\/wp-json\/wp\/v2\/pages\/3298\/revisions\/4427"}],"wp:attachment":[{"href":"https:\/\/museomoesano.ch\/deutsche\/wp-json\/wp\/v2\/media?parent=3298"}],"curies":[{"name":"wp","href":"https:\/\/api.w.org\/{rel}","templated":true}]}}